{"id":2816,"date":"2019-03-17T22:03:19","date_gmt":"2019-03-17T21:03:19","guid":{"rendered":"https:\/\/www.brettnacher.org\/brettnacher_wp\/photos-2\/"},"modified":"2024-09-05T15:35:46","modified_gmt":"2024-09-05T13:35:46","slug":"photos","status":"publish","type":"page","link":"https:\/\/www.brettnacher.org\/musik\/en\/photos\/","title":{"rendered":"Photos"},"content":{"rendered":"<div data-elementor-type=\"wp-post\" data-elementor-id=\"2816\" class=\"elementor elementor-2816\">\n\t\t\t\t\t\t<section class=\"has_eae_slider elementor-section elementor-top-section elementor-element elementor-element-1d990aa elementor-section-boxed elementor-section-height-default elementor-section-height-default\" data-id=\"1d990aa\" data-element_type=\"section\">\n\t\t\t\t\t\t<div class=\"elementor-container elementor-column-gap-default\">\n\t\t\t\t\t<div class=\"has_eae_slider elementor-column elementor-col-100 elementor-top-column elementor-element elementor-element-aa76704\" data-id=\"aa76704\" data-element_type=\"column\">\n\t\t\t<div class=\"elementor-widget-wrap elementor-element-populated\">\n\t\t\t\t\t\t<div class=\"elementor-element elementor-element-593c59b elementor-invisible elementor-widget elementor-widget-heading\" data-id=\"593c59b\" data-element_type=\"widget\" data-settings=\"{&quot;_animation&quot;:&quot;fadeInDown&quot;,&quot;_animation_tablet&quot;:&quot;fadeInDown&quot;,&quot;_animation_mobile&quot;:&quot;fadeInDown&quot;}\" data-widget_type=\"heading.default\">\n\t\t\t\t<div class=\"elementor-widget-container\">\n\t\t\t<h2 class=\"elementor-heading-title elementor-size-default\">- Photos -<\/h2>\t\t<\/div>\n\t\t\t\t<\/div>\n\t\t\t\t<div class=\"elementor-element elementor-element-25d83ae elementor-widget elementor-widget-spacer\" data-id=\"25d83ae\" data-element_type=\"widget\" data-widget_type=\"spacer.default\">\n\t\t\t\t<div class=\"elementor-widget-container\">\n\t\t\t\t\t<div class=\"elementor-spacer\">\n\t\t\t<div class=\"elementor-spacer-inner\"><\/div>\n\t\t<\/div>\n\t\t\t\t<\/div>\n\t\t\t\t<\/div>\n\t\t\t\t<div class=\"elementor-element elementor-element-853642d elementor-widget elementor-widget-text-editor\" data-id=\"853642d\" data-element_type=\"widget\" data-widget_type=\"text-editor.default\">\n\t\t\t\t<div class=\"elementor-widget-container\">\n\t\t\t\t\t\t\t<p style=\"text-align: center;\">Promo Photo<\/p>\t\t\t\t\t\t<\/div>\n\t\t\t\t<\/div>\n\t\t\t\t<section class=\"has_eae_slider elementor-section elementor-inner-section elementor-element elementor-element-40a8d22 elementor-section-boxed elementor-section-height-default elementor-section-height-default\" data-id=\"40a8d22\" data-element_type=\"section\">\n\t\t\t\t\t\t<div class=\"elementor-container elementor-column-gap-default\">\n\t\t\t\t\t<div class=\"has_eae_slider elementor-column elementor-col-100 elementor-inner-column elementor-element elementor-element-868c9cf\" data-id=\"868c9cf\" data-element_type=\"column\">\n\t\t\t<div class=\"elementor-widget-wrap\">\n\t\t\t\t\t\t\t<\/div>\n\t\t<\/div>\n\t\t\t\t\t<\/div>\n\t\t<\/section>\n\t\t\t\t\t<\/div>\n\t\t<\/div>\n\t\t\t\t\t<\/div>\n\t\t<\/section>\n\t\t\t\t<section class=\"has_eae_slider elementor-section elementor-top-section elementor-element elementor-element-c322389 elementor-section-boxed elementor-section-height-default elementor-section-height-default\" data-id=\"c322389\" data-element_type=\"section\">\n\t\t\t\t\t\t<div class=\"elementor-container elementor-column-gap-default\">\n\t\t\t\t\t<div class=\"has_eae_slider elementor-column elementor-col-100 elementor-top-column elementor-element elementor-element-6a9362c\" data-id=\"6a9362c\" data-element_type=\"column\">\n\t\t\t<div class=\"elementor-widget-wrap elementor-element-populated\">\n\t\t\t\t\t\t<div class=\"elementor-element elementor-element-4e88012 elementor-widget elementor-widget-spacer\" data-id=\"4e88012\" data-element_type=\"widget\" data-widget_type=\"spacer.default\">\n\t\t\t\t<div class=\"elementor-widget-container\">\n\t\t\t\t\t<div class=\"elementor-spacer\">\n\t\t\t<div class=\"elementor-spacer-inner\"><\/div>\n\t\t<\/div>\n\t\t\t\t<\/div>\n\t\t\t\t<\/div>\n\t\t\t\t<div class=\"elementor-element elementor-element-8861271 elementor-widget elementor-widget-text-editor\" data-id=\"8861271\" data-element_type=\"widget\" data-widget_type=\"text-editor.default\">\n\t\t\t\t<div class=\"elementor-widget-container\">\n\t\t\t\t\t\t\t<p>To enlarge the photos, click on them<\/p>\t\t\t\t\t\t<\/div>\n\t\t\t\t<\/div>\n\t\t\t\t<div class=\"elementor-element elementor-element-5bca735 elementor-widget elementor-widget-image\" data-id=\"5bca735\" data-element_type=\"widget\" data-widget_type=\"image.default\">\n\t\t\t\t<div class=\"elementor-widget-container\">\n\t\t\t\t\t\t\t\t\t\t<figure class=\"wp-caption\">\n\t\t\t\t\t\t\t\t\t\t\t<a href=\"https:\/\/www.brettnacher.org\/brettnacher_wp\/wp-content\/uploads\/Alfred_Brettnacher_Promo_Photo.jpg\">\n\t\t\t\t\t\t\t<img fetchpriority=\"high\" decoding=\"async\" width=\"2048\" height=\"1365\" src=\"https:\/\/www.brettnacher.org\/brettnacher_wp\/wp-content\/uploads\/Alfred_Brettnacher_Promo_Photo-2048x1365.jpg\" class=\"attachment-2048x2048 size-2048x2048 wp-image-8517\" alt=\"Alfred Brettnacher Promo Photo\" srcset=\"https:\/\/www.brettnacher.org\/brettnacher_wp\/wp-content\/uploads\/Alfred_Brettnacher_Promo_Photo-2048x1365.jpg 2048w, https:\/\/www.brettnacher.org\/brettnacher_wp\/wp-content\/uploads\/Alfred_Brettnacher_Promo_Photo-300x200.jpg 300w, https:\/\/www.brettnacher.org\/brettnacher_wp\/wp-content\/uploads\/Alfred_Brettnacher_Promo_Photo-1024x683.jpg 1024w, https:\/\/www.brettnacher.org\/brettnacher_wp\/wp-content\/uploads\/Alfred_Brettnacher_Promo_Photo-768x512.jpg 768w, https:\/\/www.brettnacher.org\/brettnacher_wp\/wp-content\/uploads\/Alfred_Brettnacher_Promo_Photo-1536x1024.jpg 1536w, https:\/\/www.brettnacher.org\/brettnacher_wp\/wp-content\/uploads\/Alfred_Brettnacher_Promo_Photo-18x12.jpg 18w, https:\/\/www.brettnacher.org\/brettnacher_wp\/wp-content\/uploads\/Alfred_Brettnacher_Promo_Photo-1000x667.jpg 1000w, https:\/\/www.brettnacher.org\/brettnacher_wp\/wp-content\/uploads\/Alfred_Brettnacher_Promo_Photo-230x153.jpg 230w, https:\/\/www.brettnacher.org\/brettnacher_wp\/wp-content\/uploads\/Alfred_Brettnacher_Promo_Photo-350x233.jpg 350w, https:\/\/www.brettnacher.org\/brettnacher_wp\/wp-content\/uploads\/Alfred_Brettnacher_Promo_Photo-480x320.jpg 480w\" sizes=\"(max-width: 2048px) 100vw, 2048px\" \/>\t\t\t\t\t\t\t\t<\/a>\n\t\t\t\t\t\t\t\t\t\t\t<figcaption class=\"widget-image-caption wp-caption-text\">Alfred Brettnacher Promo Photo<br>6240 x 4160 Pixel \/ 300 DPI<\/figcaption>\n\t\t\t\t\t\t\t\t\t\t<\/figure>\n\t\t\t\t\t\t\t<\/div>\n\t\t\t\t<\/div>\n\t\t\t\t<div class=\"elementor-element elementor-element-7637bb0 elementor-widget elementor-widget-image-gallery\" data-id=\"7637bb0\" data-element_type=\"widget\" data-widget_type=\"image-gallery.default\">\n\t\t\t\t<div class=\"elementor-widget-container\">\n\t\t\t\t\t<div class=\"elementor-image-gallery\">\n\t\t\t<div id='gallery-1' class='gallery galleryid-2816 gallery-columns-4 gallery-size-thumbnail'><figure class='gallery-item'>\n\t\t\t<div class='gallery-icon landscape'>\n\t\t\t\t<a data-elementor-open-lightbox=\"yes\" data-elementor-lightbox-slideshow=\"7637bb0\" data-elementor-lightbox-title=\"Impression w\u00e4hrend meiner Show auf der MS Swiss Crystal\" data-e-action-hash=\"#elementor-action%3Aaction%3Dlightbox%26settings%3DeyJpZCI6OTEyOSwidXJsIjoiaHR0cHM6XC9cL3d3dy5icmV0dG5hY2hlci5vcmdcL2JyZXR0bmFjaGVyX3dwXC93cC1jb250ZW50XC91cGxvYWRzXC9NUy1Td2lzcy1DcnlzdGFsLXNjYWxlZC5qcGVnIiwic2xpZGVzaG93IjoiNzYzN2JiMCJ9\" href='https:\/\/www.brettnacher.org\/brettnacher_wp\/wp-content\/uploads\/MS-Swiss-Crystal-scaled.jpeg'><img decoding=\"async\" width=\"150\" height=\"150\" src=\"https:\/\/www.brettnacher.org\/brettnacher_wp\/wp-content\/uploads\/MS-Swiss-Crystal-150x150.jpeg\" class=\"attachment-thumbnail size-thumbnail\" alt=\"Impression w\u00e4hrend meiner Show auf der MS Swiss Crystal\" aria-describedby=\"gallery-1-9129\" \/><\/a>\n\t\t\t<\/div>\n\t\t\t\t<figcaption class='wp-caption-text gallery-caption' id='gallery-1-9129'>\n\t\t\t\tImpression during my Show<br>at the MS Swiss Crystal\n\t\t\t\t<\/figcaption><\/figure><figure class='gallery-item'>\n\t\t\t<div class='gallery-icon portrait'>\n\t\t\t\t<a data-elementor-open-lightbox=\"yes\" data-elementor-lightbox-slideshow=\"7637bb0\" data-elementor-lightbox-title=\"Impression w\u00e4hrend meiner Show - Music Classics - auf der MS Anesha\" data-e-action-hash=\"#elementor-action%3Aaction%3Dlightbox%26settings%3DeyJpZCI6OTEyNywidXJsIjoiaHR0cHM6XC9cL3d3dy5icmV0dG5hY2hlci5vcmdcL2JyZXR0bmFjaGVyX3dwXC93cC1jb250ZW50XC91cGxvYWRzXC9NUy1BbmVzaGEtMS5qcGciLCJzbGlkZXNob3ciOiI3NjM3YmIwIn0%3D\" href='https:\/\/www.brettnacher.org\/brettnacher_wp\/wp-content\/uploads\/MS-Anesha-1.jpg'><img decoding=\"async\" width=\"150\" height=\"150\" src=\"https:\/\/www.brettnacher.org\/brettnacher_wp\/wp-content\/uploads\/MS-Anesha-1-150x150.jpg\" class=\"attachment-thumbnail size-thumbnail\" alt=\"Impression w\u00e4hrend meiner Show - Music Classics - auf der MS Anesha\" aria-describedby=\"gallery-1-9127\" srcset=\"https:\/\/www.brettnacher.org\/brettnacher_wp\/wp-content\/uploads\/MS-Anesha-1-150x150.jpg 150w, https:\/\/www.brettnacher.org\/brettnacher_wp\/wp-content\/uploads\/MS-Anesha-1-1014x1024.jpg 1014w, https:\/\/www.brettnacher.org\/brettnacher_wp\/wp-content\/uploads\/MS-Anesha-1-12x12.jpg 12w, https:\/\/www.brettnacher.org\/brettnacher_wp\/wp-content\/uploads\/MS-Anesha-1-230x232.jpg 230w\" sizes=\"(max-width: 150px) 100vw, 150px\" \/><\/a>\n\t\t\t<\/div>\n\t\t\t\t<figcaption class='wp-caption-text gallery-caption' id='gallery-1-9127'>\n\t\t\t\tImpression during my Show<br>&#8211; Music Classics &#8211;<br>at the MS Anesha\n\t\t\t\t<\/figcaption><\/figure><figure class='gallery-item'>\n\t\t\t<div class='gallery-icon landscape'>\n\t\t\t\t<a data-elementor-open-lightbox=\"yes\" data-elementor-lightbox-slideshow=\"7637bb0\" data-elementor-lightbox-title=\"Impression w\u00e4hrend meiner Show - Music Classics - auf der MS Anna Katharina\" data-e-action-hash=\"#elementor-action%3Aaction%3Dlightbox%26settings%3DeyJpZCI6ODUwNSwidXJsIjoiaHR0cHM6XC9cL3d3dy5icmV0dG5hY2hlci5vcmdcL2JyZXR0bmFjaGVyX3dwXC93cC1jb250ZW50XC91cGxvYWRzXC9Bbm5hLUthdGhhcmluYS1QaG90by5qcGciLCJzbGlkZXNob3ciOiI3NjM3YmIwIn0%3D\" href='https:\/\/www.brettnacher.org\/brettnacher_wp\/wp-content\/uploads\/Anna-Katharina-Photo.jpg'><img loading=\"lazy\" decoding=\"async\" width=\"150\" height=\"150\" src=\"https:\/\/www.brettnacher.org\/brettnacher_wp\/wp-content\/uploads\/Anna-Katharina-Photo-150x150.jpg\" class=\"attachment-thumbnail size-thumbnail\" alt=\"Impression w\u00e4hrend meiner Show - Music Classics - auf der MS Anna Katharina\" aria-describedby=\"gallery-1-8505\" \/><\/a>\n\t\t\t<\/div>\n\t\t\t\t<figcaption class='wp-caption-text gallery-caption' id='gallery-1-8505'>\n\t\t\t\tImpression during my Show<br>&#8211; Music Classics &#8211;<br>at the MS Anna Katharina\n\t\t\t\t<\/figcaption><\/figure><figure class='gallery-item'>\n\t\t\t<div class='gallery-icon landscape'>\n\t\t\t\t<a data-elementor-open-lightbox=\"yes\" data-elementor-lightbox-slideshow=\"7637bb0\" data-elementor-lightbox-title=\"&quot;The Pink Panther&quot; Impression w\u00e4hrend eines - Flimmerkiste und Leinwand - Konzerts auf der Studio B\u00fchne der Mein Schiff 6\" data-e-action-hash=\"#elementor-action%3Aaction%3Dlightbox%26settings%3DeyJpZCI6NzAwNSwidXJsIjoiaHR0cHM6XC9cL3d3dy5icmV0dG5hY2hlci5vcmdcL2JyZXR0bmFjaGVyX3dwXC93cC1jb250ZW50XC91cGxvYWRzXC9QaW5rUGFudGhlci5qcGciLCJzbGlkZXNob3ciOiI3NjM3YmIwIn0%3D\" href='https:\/\/www.brettnacher.org\/brettnacher_wp\/wp-content\/uploads\/PinkPanther.jpg'><img loading=\"lazy\" decoding=\"async\" width=\"150\" height=\"150\" src=\"https:\/\/www.brettnacher.org\/brettnacher_wp\/wp-content\/uploads\/PinkPanther-150x150.jpg\" class=\"attachment-thumbnail size-thumbnail\" alt=\"&quot;The Pink Panther&quot; Impression w\u00e4hrend eines - Flimmerkiste und Leinwand - Konzerts auf der Studio B\u00fchne der Mein Schiff 6\" aria-describedby=\"gallery-1-7005\" srcset=\"https:\/\/www.brettnacher.org\/brettnacher_wp\/wp-content\/uploads\/PinkPanther-150x150.jpg 150w, https:\/\/www.brettnacher.org\/brettnacher_wp\/wp-content\/uploads\/PinkPanther-700x700.jpg 700w\" sizes=\"(max-width: 150px) 100vw, 150px\" \/><\/a>\n\t\t\t<\/div>\n\t\t\t\t<figcaption class='wp-caption-text gallery-caption' id='gallery-1-7005'>\n\t\t\t\t\"The Pink Panther\" Impressions during a<br>\u2013 Flimmerkiste und Leinwand \u2013 concert at the Mein Schiff 6 Studio Stage\n\t\t\t\t<\/figcaption><\/figure><figure class='gallery-item'>\n\t\t\t<div class='gallery-icon landscape'>\n\t\t\t\t<a data-elementor-open-lightbox=\"yes\" data-elementor-lightbox-slideshow=\"7637bb0\" data-elementor-lightbox-title=\"Impression w\u00e4hrend eines - Flimmerkiste und Leinwand - Konzerts auf der Studio B\u00fchne der Mein Schiff 6\" data-e-action-hash=\"#elementor-action%3Aaction%3Dlightbox%26settings%3DeyJpZCI6NzI0NCwidXJsIjoiaHR0cHM6XC9cL3d3dy5icmV0dG5hY2hlci5vcmdcL2JyZXR0bmFjaGVyX3dwXC93cC1jb250ZW50XC91cGxvYWRzXC9Lb256ZXJ0aW1wcmVzc2lvbmVuXzYuanBnIiwic2xpZGVzaG93IjoiNzYzN2JiMCJ9\" href='https:\/\/www.brettnacher.org\/brettnacher_wp\/wp-content\/uploads\/Konzertimpressionen_6.jpg'><img loading=\"lazy\" decoding=\"async\" width=\"150\" height=\"150\" src=\"https:\/\/www.brettnacher.org\/brettnacher_wp\/wp-content\/uploads\/Konzertimpressionen_6-150x150.jpg\" class=\"attachment-thumbnail size-thumbnail\" alt=\"Impression w\u00e4hrend eines - Flimmerkiste und Leinwand - Konzerts auf der Studio B\u00fchne der Mein Schiff 6\" aria-describedby=\"gallery-1-7244\" srcset=\"https:\/\/www.brettnacher.org\/brettnacher_wp\/wp-content\/uploads\/Konzertimpressionen_6-150x150.jpg 150w, https:\/\/www.brettnacher.org\/brettnacher_wp\/wp-content\/uploads\/Konzertimpressionen_6-700x700.jpg 700w\" sizes=\"(max-width: 150px) 100vw, 150px\" \/><\/a>\n\t\t\t<\/div>\n\t\t\t\t<figcaption class='wp-caption-text gallery-caption' id='gallery-1-7244'>\n\t\t\t\tImpressions during a<br>\u2013 Flimmerkiste und Leinwand \u2013 concert at the Mein Schiff 6 Studio Stage\n\t\t\t\t<\/figcaption><\/figure><figure class='gallery-item'>\n\t\t\t<div class='gallery-icon landscape'>\n\t\t\t\t<a data-elementor-open-lightbox=\"yes\" data-elementor-lightbox-slideshow=\"7637bb0\" data-elementor-lightbox-title=\"Impression w\u00e4hrend eines - Flimmerkiste und Leinwand - Konzerts auf der Studio B\u00fchne der Mein Schiff 6\" data-e-action-hash=\"#elementor-action%3Aaction%3Dlightbox%26settings%3DeyJpZCI6NzI0MiwidXJsIjoiaHR0cHM6XC9cL3d3dy5icmV0dG5hY2hlci5vcmdcL2JyZXR0bmFjaGVyX3dwXC93cC1jb250ZW50XC91cGxvYWRzXC9Lb256ZXJ0aW1wcmVzc2lvbmVuXzQuanBnIiwic2xpZGVzaG93IjoiNzYzN2JiMCJ9\" href='https:\/\/www.brettnacher.org\/brettnacher_wp\/wp-content\/uploads\/Konzertimpressionen_4.jpg'><img loading=\"lazy\" decoding=\"async\" width=\"150\" height=\"150\" src=\"https:\/\/www.brettnacher.org\/brettnacher_wp\/wp-content\/uploads\/Konzertimpressionen_4-150x150.jpg\" class=\"attachment-thumbnail size-thumbnail\" alt=\"Impression w\u00e4hrend eines - Flimmerkiste und Leinwand - Konzerts auf der Studio B\u00fchne der Mein Schiff 6\" aria-describedby=\"gallery-1-7242\" srcset=\"https:\/\/www.brettnacher.org\/brettnacher_wp\/wp-content\/uploads\/Konzertimpressionen_4-150x150.jpg 150w, https:\/\/www.brettnacher.org\/brettnacher_wp\/wp-content\/uploads\/Konzertimpressionen_4-700x700.jpg 700w\" sizes=\"(max-width: 150px) 100vw, 150px\" \/><\/a>\n\t\t\t<\/div>\n\t\t\t\t<figcaption class='wp-caption-text gallery-caption' id='gallery-1-7242'>\n\t\t\t\tImpressions during a <br>\u2013 Flimmerkiste und Leinwand \u2013 concert at the Mein Schiff 6 Studio Stage\n\t\t\t\t<\/figcaption><\/figure><figure class='gallery-item'>\n\t\t\t<div class='gallery-icon landscape'>\n\t\t\t\t<a data-elementor-open-lightbox=\"yes\" data-elementor-lightbox-slideshow=\"7637bb0\" data-elementor-lightbox-title=\"Mein Konzert- und Show Instrument auf der Studio B\u00fchne der Mein Schiff 6\" data-e-action-hash=\"#elementor-action%3Aaction%3Dlightbox%26settings%3DeyJpZCI6NzIzMCwidXJsIjoiaHR0cHM6XC9cL3d3dy5icmV0dG5hY2hlci5vcmdcL2JyZXR0bmFjaGVyX3dwXC93cC1jb250ZW50XC91cGxvYWRzXC9CdWVobmVuZXF1aXBtZW50X21pdF9TSU5GT05JQV80ODBTRS5qcGciLCJzbGlkZXNob3ciOiI3NjM3YmIwIn0%3D\" href='https:\/\/www.brettnacher.org\/brettnacher_wp\/wp-content\/uploads\/Buehnenequipment_mit_SINFONIA_480SE.jpg'><img loading=\"lazy\" decoding=\"async\" width=\"150\" height=\"150\" src=\"https:\/\/www.brettnacher.org\/brettnacher_wp\/wp-content\/uploads\/Buehnenequipment_mit_SINFONIA_480SE-150x150.jpg\" class=\"attachment-thumbnail size-thumbnail\" alt=\"Mein Konzert- und Show Instrument auf der Studio B\u00fchne der Mein Schiff 6\" aria-describedby=\"gallery-1-7230\" \/><\/a>\n\t\t\t<\/div>\n\t\t\t\t<figcaption class='wp-caption-text gallery-caption' id='gallery-1-7230'>\n\t\t\t\tMy concert- and Show Instrumnt at the Mein Schiff 6 Studio Stage\n\t\t\t\t<\/figcaption><\/figure><figure class='gallery-item'>\n\t\t\t<div class='gallery-icon landscape'>\n\t\t\t\t<a data-elementor-open-lightbox=\"yes\" data-elementor-lightbox-slideshow=\"7637bb0\" data-elementor-lightbox-title=\"Auf der Studio B\u00fchne der Mein Schiff 6\" data-e-action-hash=\"#elementor-action%3Aaction%3Dlightbox%26settings%3DeyJpZCI6NzI0OSwidXJsIjoiaHR0cHM6XC9cL3d3dy5icmV0dG5hY2hlci5vcmdcL2JyZXR0bmFjaGVyX3dwXC93cC1jb250ZW50XC91cGxvYWRzXC9BdWZiYXVfU3R1ZGlvYnVlaG5lXzIuanBnIiwic2xpZGVzaG93IjoiNzYzN2JiMCJ9\" href='https:\/\/www.brettnacher.org\/brettnacher_wp\/wp-content\/uploads\/Aufbau_Studiobuehne_2.jpg'><img loading=\"lazy\" decoding=\"async\" width=\"150\" height=\"150\" src=\"https:\/\/www.brettnacher.org\/brettnacher_wp\/wp-content\/uploads\/Aufbau_Studiobuehne_2-150x150.jpg\" class=\"attachment-thumbnail size-thumbnail\" alt=\"Auf der Studio B\u00fchne der Mein Schiff 6\" aria-describedby=\"gallery-1-7249\" srcset=\"https:\/\/www.brettnacher.org\/brettnacher_wp\/wp-content\/uploads\/Aufbau_Studiobuehne_2-150x150.jpg 150w, https:\/\/www.brettnacher.org\/brettnacher_wp\/wp-content\/uploads\/Aufbau_Studiobuehne_2-700x700.jpg 700w\" sizes=\"(max-width: 150px) 100vw, 150px\" \/><\/a>\n\t\t\t<\/div>\n\t\t\t\t<figcaption class='wp-caption-text gallery-caption' id='gallery-1-7249'>\n\t\t\t\tSetup at the Mein Schiff 6 Studio Stage\n\t\t\t\t<\/figcaption><\/figure><figure class='gallery-item'>\n\t\t\t<div class='gallery-icon landscape'>\n\t\t\t\t<a data-elementor-open-lightbox=\"yes\" data-elementor-lightbox-slideshow=\"7637bb0\" data-elementor-lightbox-title=\"Interview mit dem Kreuzfahrt Direktor nach dem Crew Show Opening im Theater der Mein Schiff 6\" data-e-action-hash=\"#elementor-action%3Aaction%3Dlightbox%26settings%3DeyJpZCI6NzEyNSwidXJsIjoiaHR0cHM6XC9cL3d3dy5icmV0dG5hY2hlci5vcmdcL2JyZXR0bmFjaGVyX3dwXC93cC1jb250ZW50XC91cGxvYWRzXC9DcmV3X1Nob3dfNy5qcGciLCJzbGlkZXNob3ciOiI3NjM3YmIwIn0%3D\" href='https:\/\/www.brettnacher.org\/brettnacher_wp\/wp-content\/uploads\/Crew_Show_7.jpg'><img loading=\"lazy\" decoding=\"async\" width=\"150\" height=\"150\" src=\"https:\/\/www.brettnacher.org\/brettnacher_wp\/wp-content\/uploads\/Crew_Show_7-150x150.jpg\" class=\"attachment-thumbnail size-thumbnail\" alt=\"Interview mit dem Kreuzfahrt Direktor nach dem Crew Show Opening im Theater der Mein Schiff 6\" aria-describedby=\"gallery-1-7125\" srcset=\"https:\/\/www.brettnacher.org\/brettnacher_wp\/wp-content\/uploads\/Crew_Show_7-150x150.jpg 150w, https:\/\/www.brettnacher.org\/brettnacher_wp\/wp-content\/uploads\/Crew_Show_7-700x700.jpg 700w\" sizes=\"(max-width: 150px) 100vw, 150px\" \/><\/a>\n\t\t\t<\/div>\n\t\t\t\t<figcaption class='wp-caption-text gallery-caption' id='gallery-1-7125'>\n\t\t\t\tIntervew with the Cruise Director after the Crew Show Opening at the Mein Schiff 6 Theater\n\t\t\t\t<\/figcaption><\/figure><figure class='gallery-item'>\n\t\t\t<div class='gallery-icon portrait'>\n\t\t\t\t<a data-elementor-open-lightbox=\"yes\" data-elementor-lightbox-slideshow=\"7637bb0\" data-elementor-lightbox-title=\"Crew Show Opening  im Theater der Mein Schiff 6\" data-e-action-hash=\"#elementor-action%3Aaction%3Dlightbox%26settings%3DeyJpZCI6NzEyMiwidXJsIjoiaHR0cHM6XC9cL3d3dy5icmV0dG5hY2hlci5vcmdcL2JyZXR0bmFjaGVyX3dwXC93cC1jb250ZW50XC91cGxvYWRzXC9DcmV3X1Nob3dfNC5qcGciLCJzbGlkZXNob3ciOiI3NjM3YmIwIn0%3D\" href='https:\/\/www.brettnacher.org\/brettnacher_wp\/wp-content\/uploads\/Crew_Show_4.jpg'><img loading=\"lazy\" decoding=\"async\" width=\"150\" height=\"150\" src=\"https:\/\/www.brettnacher.org\/brettnacher_wp\/wp-content\/uploads\/Crew_Show_4-150x150.jpg\" class=\"attachment-thumbnail size-thumbnail\" alt=\"Crew Show Opening im Theater der Mein Schiff 6\" aria-describedby=\"gallery-1-7122\" srcset=\"https:\/\/www.brettnacher.org\/brettnacher_wp\/wp-content\/uploads\/Crew_Show_4-150x150.jpg 150w, https:\/\/www.brettnacher.org\/brettnacher_wp\/wp-content\/uploads\/Crew_Show_4-700x700.jpg 700w\" sizes=\"(max-width: 150px) 100vw, 150px\" \/><\/a>\n\t\t\t<\/div>\n\t\t\t\t<figcaption class='wp-caption-text gallery-caption' id='gallery-1-7122'>\n\t\t\t\tCrew Show Opening at the Mein Schiff 6 Theater\n\t\t\t\t<\/figcaption><\/figure><figure class='gallery-item'>\n\t\t\t<div class='gallery-icon landscape'>\n\t\t\t\t<a data-elementor-open-lightbox=\"yes\" data-elementor-lightbox-slideshow=\"7637bb0\" data-elementor-lightbox-title=\"&quot;007 James Bond&quot; Theme aus dem Film &quot;Dr. No&quot; beim Crew Show Opening im Theater der Mein Schiff 6\" data-e-action-hash=\"#elementor-action%3Aaction%3Dlightbox%26settings%3DeyJpZCI6NzE1NiwidXJsIjoiaHR0cHM6XC9cL3d3dy5icmV0dG5hY2hlci5vcmdcL2JyZXR0bmFjaGVyX3dwXC93cC1jb250ZW50XC91cGxvYWRzXC9DcmV3X1Nob3dfMl8wMDdiLmpwZyIsInNsaWRlc2hvdyI6Ijc2MzdiYjAifQ%3D%3D\" href='https:\/\/www.brettnacher.org\/brettnacher_wp\/wp-content\/uploads\/Crew_Show_2_007b.jpg'><img loading=\"lazy\" decoding=\"async\" width=\"150\" height=\"150\" src=\"https:\/\/www.brettnacher.org\/brettnacher_wp\/wp-content\/uploads\/Crew_Show_2_007b-150x150.jpg\" class=\"attachment-thumbnail size-thumbnail\" alt=\"&quot;007 James Bond&quot; Theme aus dem Film &quot;Dr. No&quot; beim Crew Show Opening im Theater der Mein Schiff 6\" aria-describedby=\"gallery-1-7156\" \/><\/a>\n\t\t\t<\/div>\n\t\t\t\t<figcaption class='wp-caption-text gallery-caption' id='gallery-1-7156'>\n\t\t\t\t\"007 James Bond\" Theme from the movie \"Dr. No\",<br>Crew Show Opening at the Mein Schiff 6 Theater\n\t\t\t\t<\/figcaption><\/figure><figure class='gallery-item'>\n\t\t\t<div class='gallery-icon landscape'>\n\t\t\t\t<a data-elementor-open-lightbox=\"yes\" data-elementor-lightbox-slideshow=\"7637bb0\" data-elementor-lightbox-title=\"&quot;Also sprach Zarathustra&quot; aus dem Film 2001 - Lost In Space beim Crew Show Opening im Theater der Mein Schiff 6\" data-e-action-hash=\"#elementor-action%3Aaction%3Dlightbox%26settings%3DeyJpZCI6NzExOSwidXJsIjoiaHR0cHM6XC9cL3d3dy5icmV0dG5hY2hlci5vcmdcL2JyZXR0bmFjaGVyX3dwXC93cC1jb250ZW50XC91cGxvYWRzXC9DcmV3X1Nob3dfMV9aYXJhdGh1c3RyYS5qcGciLCJzbGlkZXNob3ciOiI3NjM3YmIwIn0%3D\" href='https:\/\/www.brettnacher.org\/brettnacher_wp\/wp-content\/uploads\/Crew_Show_1_Zarathustra.jpg'><img loading=\"lazy\" decoding=\"async\" width=\"150\" height=\"150\" src=\"https:\/\/www.brettnacher.org\/brettnacher_wp\/wp-content\/uploads\/Crew_Show_1_Zarathustra-150x150.jpg\" class=\"attachment-thumbnail size-thumbnail\" alt=\"&quot;Also sprach Zarathustra&quot; aus dem Film 2001 - Lost In Space beim Crew Show Opening im Theater der Mein Schiff 6\" aria-describedby=\"gallery-1-7119\" srcset=\"https:\/\/www.brettnacher.org\/brettnacher_wp\/wp-content\/uploads\/Crew_Show_1_Zarathustra-150x150.jpg 150w, https:\/\/www.brettnacher.org\/brettnacher_wp\/wp-content\/uploads\/Crew_Show_1_Zarathustra-700x700.jpg 700w\" sizes=\"(max-width: 150px) 100vw, 150px\" \/><\/a>\n\t\t\t<\/div>\n\t\t\t\t<figcaption class='wp-caption-text gallery-caption' id='gallery-1-7119'>\n\t\t\t\t\"Also sprach Zarathustra\" from the movie \"2001 - Lost in Space\", Crew Show Opening at the Mein Schiff 6 Theater.\n\t\t\t\t<\/figcaption><\/figure><figure class='gallery-item'>\n\t\t\t<div class='gallery-icon portrait'>\n\t\t\t\t<a data-elementor-open-lightbox=\"yes\" data-elementor-lightbox-slideshow=\"7637bb0\" data-elementor-lightbox-title=\"Mein Show Instrument auf dem Orchester Lift des Theaters der Mein Schiff 6\" data-e-action-hash=\"#elementor-action%3Aaction%3Dlightbox%26settings%3DeyJpZCI6NzY3MSwidXJsIjoiaHR0cHM6XC9cL3d3dy5icmV0dG5hY2hlci5vcmdcL2JyZXR0bmFjaGVyX3dwXC93cC1jb250ZW50XC91cGxvYWRzXC9TSU5GT05JQV9hdWZfT3JjaGVzdGVyX0xpZnRfa2xlaW4tc2NhbGVkLmpwZyIsInNsaWRlc2hvdyI6Ijc2MzdiYjAifQ%3D%3D\" href='https:\/\/www.brettnacher.org\/brettnacher_wp\/wp-content\/uploads\/SINFONIA_auf_Orchester_Lift_klein-scaled.jpg'><img loading=\"lazy\" decoding=\"async\" width=\"150\" height=\"150\" src=\"https:\/\/www.brettnacher.org\/brettnacher_wp\/wp-content\/uploads\/SINFONIA_auf_Orchester_Lift_klein-150x150.jpg\" class=\"attachment-thumbnail size-thumbnail\" alt=\"Mein Show Instrument auf dem Orchester Lift des Theaters der Mein Schiff 6\" aria-describedby=\"gallery-1-7671\" \/><\/a>\n\t\t\t<\/div>\n\t\t\t\t<figcaption class='wp-caption-text gallery-caption' id='gallery-1-7671'>\n\t\t\t\tMy Show Instrument on the Orchestra Lift of the Mein Schiff 6 Theater\n\t\t\t\t<\/figcaption><\/figure><figure class='gallery-item'>\n\t\t\t<div class='gallery-icon landscape'>\n\t\t\t\t<a data-elementor-open-lightbox=\"yes\" data-elementor-lightbox-slideshow=\"7637bb0\" data-elementor-lightbox-title=\"Am Fl\u00fcgel in der Diamant Bar auf dem Kreuzfahrtschiff &quot;Mein Schiff 2&quot; der TUI Cruises\" data-e-action-hash=\"#elementor-action%3Aaction%3Dlightbox%26settings%3DeyJpZCI6NzAxMSwidXJsIjoiaHR0cHM6XC9cL3d3dy5icmV0dG5hY2hlci5vcmdcL2JyZXR0bmFjaGVyX3dwXC93cC1jb250ZW50XC91cGxvYWRzXC9EaWFtYW50LUJhci1hbS1GbHVlZ2VsLmpwZyIsInNsaWRlc2hvdyI6Ijc2MzdiYjAifQ%3D%3D\" href='https:\/\/www.brettnacher.org\/brettnacher_wp\/wp-content\/uploads\/Diamant-Bar-am-Fluegel.jpg'><img loading=\"lazy\" decoding=\"async\" width=\"150\" height=\"150\" src=\"https:\/\/www.brettnacher.org\/brettnacher_wp\/wp-content\/uploads\/Diamant-Bar-am-Fluegel-150x150.jpg\" class=\"attachment-thumbnail size-thumbnail\" alt=\"Am Fl\u00fcgel in der Diamant Bar auf dem Kreuzfahrtschiff &quot;Mein Schiff 2&quot; der TUI Cruises\" aria-describedby=\"gallery-1-7011\" srcset=\"https:\/\/www.brettnacher.org\/brettnacher_wp\/wp-content\/uploads\/Diamant-Bar-am-Fluegel-150x150.jpg 150w, https:\/\/www.brettnacher.org\/brettnacher_wp\/wp-content\/uploads\/Diamant-Bar-am-Fluegel-700x700.jpg 700w\" sizes=\"(max-width: 150px) 100vw, 150px\" \/><\/a>\n\t\t\t<\/div>\n\t\t\t\t<figcaption class='wp-caption-text gallery-caption' id='gallery-1-7011'>\n\t\t\t\tAt the grand piano in the Diamant Bar on the cruise ship \"Mein Schiff 2\" of TUI Cruises\n\t\t\t\t<\/figcaption><\/figure><figure class='gallery-item'>\n\t\t\t<div class='gallery-icon landscape'>\n\t\t\t\t<a data-elementor-open-lightbox=\"yes\" data-elementor-lightbox-slideshow=\"7637bb0\" data-elementor-lightbox-title=\"Bei den Vorbereitungen (Mixing\/Mastering) f\u00fcr mein neues Album &quot;LUCKY TWICE&quot; in den FMM Studios von Francesco Mangiaracina\" data-e-action-hash=\"#elementor-action%3Aaction%3Dlightbox%26settings%3DeyJpZCI6NjY2NiwidXJsIjoiaHR0cHM6XC9cL3d3dy5icmV0dG5hY2hlci5vcmdcL2JyZXR0bmFjaGVyX3dwXC93cC1jb250ZW50XC91cGxvYWRzXC9Jbl9kZW5fRk1NX1N0dWRpb3Mtc2NhbGVkLmpwZyIsInNsaWRlc2hvdyI6Ijc2MzdiYjAifQ%3D%3D\" href='https:\/\/www.brettnacher.org\/brettnacher_wp\/wp-content\/uploads\/In_den_FMM_Studios-scaled.jpg'><img loading=\"lazy\" decoding=\"async\" width=\"150\" height=\"150\" src=\"https:\/\/www.brettnacher.org\/brettnacher_wp\/wp-content\/uploads\/In_den_FMM_Studios-150x150.jpg\" class=\"attachment-thumbnail size-thumbnail\" alt=\"Bei den Vorbereitungen (Mixing\/Mastering) f\u00fcr mein neues Album &quot;LUCKY TWICE&quot; in den FMM Studios von Francesco Mangiaracina\" aria-describedby=\"gallery-1-6666\" srcset=\"https:\/\/www.brettnacher.org\/brettnacher_wp\/wp-content\/uploads\/In_den_FMM_Studios-150x150.jpg 150w, https:\/\/www.brettnacher.org\/brettnacher_wp\/wp-content\/uploads\/In_den_FMM_Studios-700x700.jpg 700w\" sizes=\"(max-width: 150px) 100vw, 150px\" \/><\/a>\n\t\t\t<\/div>\n\t\t\t\t<figcaption class='wp-caption-text gallery-caption' id='gallery-1-6666'>\n\t\t\t\tThe final steps of the production of my album \"LUCKY TWICE\" at the FMM Studios of Francesco Mangiaracina\n\t\t\t\t<\/figcaption><\/figure><figure class='gallery-item'>\n\t\t\t<div class='gallery-icon landscape'>\n\t\t\t\t<a data-elementor-open-lightbox=\"yes\" data-elementor-lightbox-slideshow=\"7637bb0\" data-elementor-lightbox-title=\"Aufbau Open Air Konzert - Flimmerkiste und Leinwand - Seewirt Waginger See\" data-e-action-hash=\"#elementor-action%3Aaction%3Dlightbox%26settings%3DeyJpZCI6Njg2OSwidXJsIjoiaHR0cHM6XC9cL3d3dy5icmV0dG5hY2hlci5vcmdcL2JyZXR0bmFjaGVyX3dwXC93cC1jb250ZW50XC91cGxvYWRzXC9BdWZiYXVfU2Vld2lydF9XYWdpbmdfMjAyMV8wOF8yMS5qcGciLCJzbGlkZXNob3ciOiI3NjM3YmIwIn0%3D\" href='https:\/\/www.brettnacher.org\/brettnacher_wp\/wp-content\/uploads\/Aufbau_Seewirt_Waging_2021_08_21.jpg'><img loading=\"lazy\" decoding=\"async\" width=\"150\" height=\"150\" src=\"https:\/\/www.brettnacher.org\/brettnacher_wp\/wp-content\/uploads\/Aufbau_Seewirt_Waging_2021_08_21-150x150.jpg\" class=\"attachment-thumbnail size-thumbnail\" alt=\"Aufbau Open Air Konzert - Flimmerkiste und Leinwand - Seewirt Waginger See\" aria-describedby=\"gallery-1-6869\" srcset=\"https:\/\/www.brettnacher.org\/brettnacher_wp\/wp-content\/uploads\/Aufbau_Seewirt_Waging_2021_08_21-150x150.jpg 150w, https:\/\/www.brettnacher.org\/brettnacher_wp\/wp-content\/uploads\/Aufbau_Seewirt_Waging_2021_08_21-700x700.jpg 700w\" sizes=\"(max-width: 150px) 100vw, 150px\" \/><\/a>\n\t\t\t<\/div>\n\t\t\t\t<figcaption class='wp-caption-text gallery-caption' id='gallery-1-6869'>\n\t\t\t\tSet up Open Air Concert<br>\u2013 Flimmerkiste und Leinwand \u2013 at Seewirt, Waginger See\n\t\t\t\t<\/figcaption><\/figure><figure class='gallery-item'>\n\t\t\t<div class='gallery-icon landscape'>\n\t\t\t\t<a data-elementor-open-lightbox=\"yes\" data-elementor-lightbox-slideshow=\"7637bb0\" data-elementor-lightbox-title=\"An meiner B\u00f6hm SINFONIA 480SE (Special Edition) w\u00e4hrend eines Konzerts beim Seewirt am Waginger See\" data-e-action-hash=\"#elementor-action%3Aaction%3Dlightbox%26settings%3DeyJpZCI6NjY1NCwidXJsIjoiaHR0cHM6XC9cL3d3dy5icmV0dG5hY2hlci5vcmdcL2JyZXR0bmFjaGVyX3dwXC93cC1jb250ZW50XC91cGxvYWRzXC9TZWV3aXJ0X2luX2FjdGlvbi1zY2FsZWQuanBnIiwic2xpZGVzaG93IjoiNzYzN2JiMCJ9\" href='https:\/\/www.brettnacher.org\/brettnacher_wp\/wp-content\/uploads\/Seewirt_in_action-scaled.jpg'><img loading=\"lazy\" decoding=\"async\" width=\"150\" height=\"150\" src=\"https:\/\/www.brettnacher.org\/brettnacher_wp\/wp-content\/uploads\/Seewirt_in_action-150x150.jpg\" class=\"attachment-thumbnail size-thumbnail\" alt=\"An meiner B\u00f6hm SINFONIA 480SE (Special Edition) w\u00e4hrend eines Konzerts beim Seewirt am Waginger See\" aria-describedby=\"gallery-1-6654\" srcset=\"https:\/\/www.brettnacher.org\/brettnacher_wp\/wp-content\/uploads\/Seewirt_in_action-150x150.jpg 150w, https:\/\/www.brettnacher.org\/brettnacher_wp\/wp-content\/uploads\/Seewirt_in_action-700x700.jpg 700w\" sizes=\"(max-width: 150px) 100vw, 150px\" \/><\/a>\n\t\t\t<\/div>\n\t\t\t\t<figcaption class='wp-caption-text gallery-caption' id='gallery-1-6654'>\n\t\t\t\tOn my B\u00f6hm SINFONIA 480SE<br>(Special Edition)<br>during a Concert at Seewirt am Waginger See\n\t\t\t\t<\/figcaption><\/figure><figure class='gallery-item'>\n\t\t\t<div class='gallery-icon portrait'>\n\t\t\t\t<a data-elementor-open-lightbox=\"yes\" data-elementor-lightbox-slideshow=\"7637bb0\" data-elementor-lightbox-title=\"An meiner B\u00f6hm SINFONIA 480SE (Special Edition) w\u00e4hrend des Family &amp; Friends Konzerts\" data-e-action-hash=\"#elementor-action%3Aaction%3Dlightbox%26settings%3DeyJpZCI6NDY1MSwidXJsIjoiaHR0cHM6XC9cL3d3dy5icmV0dG5hY2hlci5vcmdcL2JyZXR0bmFjaGVyX3dwXC93cC1jb250ZW50XC91cGxvYWRzXC9Lb256ZXJ0XzIwMjBfMDFfMjVfMS5qcGciLCJzbGlkZXNob3ciOiI3NjM3YmIwIn0%3D\" href='https:\/\/www.brettnacher.org\/brettnacher_wp\/wp-content\/uploads\/Konzert_2020_01_25_1.jpg'><img loading=\"lazy\" decoding=\"async\" width=\"150\" height=\"150\" src=\"https:\/\/www.brettnacher.org\/brettnacher_wp\/wp-content\/uploads\/Konzert_2020_01_25_1-150x150.jpg\" class=\"attachment-thumbnail size-thumbnail\" alt=\"An meiner B\u00f6hm SINFONIA 480SE (Special Edition)w\u00e4hrend desFamily &amp; Friends Konzerts\" aria-describedby=\"gallery-1-4651\" srcset=\"https:\/\/www.brettnacher.org\/brettnacher_wp\/wp-content\/uploads\/Konzert_2020_01_25_1-150x150.jpg 150w, https:\/\/www.brettnacher.org\/brettnacher_wp\/wp-content\/uploads\/Konzert_2020_01_25_1-700x700.jpg 700w\" sizes=\"(max-width: 150px) 100vw, 150px\" \/><\/a>\n\t\t\t<\/div>\n\t\t\t\t<figcaption class='wp-caption-text gallery-caption' id='gallery-1-4651'>\n\t\t\t\tOn my B\u00f6hm SINFONIA 480SE<br>(Special Edition)<br>during the<br>Family &amp; Friends Concert\n\t\t\t\t<\/figcaption><\/figure><figure class='gallery-item'>\n\t\t\t<div class='gallery-icon landscape'>\n\t\t\t\t<a data-elementor-open-lightbox=\"yes\" data-elementor-lightbox-slideshow=\"7637bb0\" data-elementor-lightbox-title=\"An meiner B\u00f6hm SINFONIA 480SE (Special Edition) beim Konzert am 04. Dezember 2019 beim &quot;Alten Wirt&quot; in M\u00fcnchen - Obermenzing\" data-e-action-hash=\"#elementor-action%3Aaction%3Dlightbox%26settings%3DeyJpZCI6NDYzNSwidXJsIjoiaHR0cHM6XC9cL3d3dy5icmV0dG5hY2hlci5vcmdcL2JyZXR0bmFjaGVyX3dwXC93cC1jb250ZW50XC91cGxvYWRzXC9Lb256ZXJ0XzIwMTlfMTJfMDRfMS5qcGciLCJzbGlkZXNob3ciOiI3NjM3YmIwIn0%3D\" href='https:\/\/www.brettnacher.org\/brettnacher_wp\/wp-content\/uploads\/Konzert_2019_12_04_1.jpg'><img loading=\"lazy\" decoding=\"async\" width=\"150\" height=\"150\" src=\"https:\/\/www.brettnacher.org\/brettnacher_wp\/wp-content\/uploads\/Konzert_2019_12_04_1-150x150.jpg\" class=\"attachment-thumbnail size-thumbnail\" alt=\"\" aria-describedby=\"gallery-1-4635\" srcset=\"https:\/\/www.brettnacher.org\/brettnacher_wp\/wp-content\/uploads\/Konzert_2019_12_04_1-150x150.jpg 150w, https:\/\/www.brettnacher.org\/brettnacher_wp\/wp-content\/uploads\/Konzert_2019_12_04_1-700x700.jpg 700w\" sizes=\"(max-width: 150px) 100vw, 150px\" \/><\/a>\n\t\t\t<\/div>\n\t\t\t\t<figcaption class='wp-caption-text gallery-caption' id='gallery-1-4635'>\n\t\t\t\tOn my B\u00f6hm SINFONIA 480SE (Special Edition)<br>during  the Concert<br>on the 4th of December 2019<br>at \"Alter Wirt\",<br>Munich - Obermenzing\n\t\t\t\t<\/figcaption><\/figure><figure class='gallery-item'>\n\t\t\t<div class='gallery-icon portrait'>\n\t\t\t\t<a data-elementor-open-lightbox=\"yes\" data-elementor-lightbox-slideshow=\"7637bb0\" data-elementor-lightbox-title=\"An meiner B\u00f6hm SINFONIA 480SE (Special Edition) Offene B\u00fchne in der kleinen Theater Werkstatt &quot;mobile&quot; in Marktoberdorf\" data-e-action-hash=\"#elementor-action%3Aaction%3Dlightbox%26settings%3DeyJpZCI6MzczNCwidXJsIjoiaHR0cHM6XC9cL3d3dy5icmV0dG5hY2hlci5vcmdcL2JyZXR0bmFjaGVyX3dwXC93cC1jb250ZW50XC91cGxvYWRzXC9tb2JpbGUwMS5qcGciLCJzbGlkZXNob3ciOiI3NjM3YmIwIn0%3D\" href='https:\/\/www.brettnacher.org\/brettnacher_wp\/wp-content\/uploads\/mobile01.jpg'><img loading=\"lazy\" decoding=\"async\" width=\"150\" height=\"150\" src=\"https:\/\/www.brettnacher.org\/brettnacher_wp\/wp-content\/uploads\/mobile01-150x150.jpg\" class=\"attachment-thumbnail size-thumbnail\" alt=\"An meiner B\u00f6hm SINFONIA 480SE (Special Edition) Offene B\u00fchne in der kleinen Theater Werkstatt &quot;mobile&quot; in Marktoberdorf\" aria-describedby=\"gallery-1-3734\" srcset=\"https:\/\/www.brettnacher.org\/brettnacher_wp\/wp-content\/uploads\/mobile01-150x150.jpg 150w, https:\/\/www.brettnacher.org\/brettnacher_wp\/wp-content\/uploads\/mobile01-700x700.jpg 700w\" sizes=\"(max-width: 150px) 100vw, 150px\" \/><\/a>\n\t\t\t<\/div>\n\t\t\t\t<figcaption class='wp-caption-text gallery-caption' id='gallery-1-3734'>\n\t\t\t\tOn my B\u00f6hm SINFONIA 480SE<br>(Special Edition)<br>Open Stage at the \"Kleine Theater Werkstatt\" \"mobile\" at Marktoberdorf\n\t\t\t\t<\/figcaption><\/figure><figure class='gallery-item'>\n\t\t\t<div class='gallery-icon landscape'>\n\t\t\t\t<a data-elementor-open-lightbox=\"yes\" data-elementor-lightbox-slideshow=\"7637bb0\" data-elementor-lightbox-title=\"An der B\u00f6hm SINFONIA 480SE auf dem Orgel Center S\u00fcd Messestand auf der MiR in Memmingen\" data-e-action-hash=\"#elementor-action%3Aaction%3Dlightbox%26settings%3DeyJpZCI6NDE1NiwidXJsIjoiaHR0cHM6XC9cL3d3dy5icmV0dG5hY2hlci5vcmdcL2JyZXR0bmFjaGVyX3dwXC93cC1jb250ZW50XC91cGxvYWRzXC9NZXNzZXN0YW5kX01FTV8wMi5qcGciLCJzbGlkZXNob3ciOiI3NjM3YmIwIn0%3D\" href='https:\/\/www.brettnacher.org\/brettnacher_wp\/wp-content\/uploads\/Messestand_MEM_02.jpg'><img loading=\"lazy\" decoding=\"async\" width=\"150\" height=\"150\" src=\"https:\/\/www.brettnacher.org\/brettnacher_wp\/wp-content\/uploads\/Messestand_MEM_02-150x150.jpg\" class=\"attachment-thumbnail size-thumbnail\" alt=\"An der B\u00f6hm SINFONIA 480SE auf dem Orgel Center S\u00fcd Messestand auf der MiR in Memmingen\" aria-describedby=\"gallery-1-4156\" srcset=\"https:\/\/www.brettnacher.org\/brettnacher_wp\/wp-content\/uploads\/Messestand_MEM_02-150x150.jpg 150w, https:\/\/www.brettnacher.org\/brettnacher_wp\/wp-content\/uploads\/Messestand_MEM_02-700x700.jpg 700w\" sizes=\"(max-width: 150px) 100vw, 150px\" \/><\/a>\n\t\t\t<\/div>\n\t\t\t\t<figcaption class='wp-caption-text gallery-caption' id='gallery-1-4156'>\n\t\t\t\tAt a B\u00f6hm SINFONIA 480SE at the Orgel Center S\u00fcd booth at the MiR, Memmingen\n\t\t\t\t<\/figcaption><\/figure><figure class='gallery-item'>\n\t\t\t<div class='gallery-icon landscape'>\n\t\t\t\t<a data-elementor-open-lightbox=\"yes\" data-elementor-lightbox-slideshow=\"7637bb0\" data-elementor-lightbox-title=\"An der B\u00f6hm SINFONIA 500SE auf dem Keyswerk Messestand der Heim &amp; Handwerk in M\u00fcnchen\" data-e-action-hash=\"#elementor-action%3Aaction%3Dlightbox%26settings%3DeyJpZCI6ODYyLCJ1cmwiOiJodHRwczpcL1wvd3d3LmJyZXR0bmFjaGVyLm9yZ1wvYnJldHRuYWNoZXJfd3BcL3dwLWNvbnRlbnRcL3VwbG9hZHNcL01lc3NlLVNpbmZvbmlhLTUwMC5qcGciLCJzbGlkZXNob3ciOiI3NjM3YmIwIn0%3D\" href='https:\/\/www.brettnacher.org\/brettnacher_wp\/wp-content\/uploads\/Messe-Sinfonia-500.jpg'><img loading=\"lazy\" decoding=\"async\" width=\"150\" height=\"150\" src=\"https:\/\/www.brettnacher.org\/brettnacher_wp\/wp-content\/uploads\/Messe-Sinfonia-500-150x150.jpg\" class=\"attachment-thumbnail size-thumbnail\" alt=\"\" aria-describedby=\"gallery-1-862\" \/><\/a>\n\t\t\t<\/div>\n\t\t\t\t<figcaption class='wp-caption-text gallery-caption' id='gallery-1-862'>\n\t\t\t\tOn the B\u00f6hm SINFONIA 500SE<br>at the Keyswerk booth<br>at Heim &amp; Handwerk, Munich\n\t\t\t\t<\/figcaption><\/figure>\n\t\t<\/div>\n\t\t<\/div>\n\t\t\t\t<\/div>\n\t\t\t\t<\/div>\n\t\t\t\t\t<\/div>\n\t\t<\/div>\n\t\t\t\t\t<\/div>\n\t\t<\/section>\n\t\t\t\t<section class=\"has_eae_slider elementor-section elementor-top-section elementor-element elementor-element-e692e96 elementor-section-boxed elementor-section-height-default elementor-section-height-default\" data-id=\"e692e96\" data-element_type=\"section\">\n\t\t\t\t\t\t<div class=\"elementor-container elementor-column-gap-default\">\n\t\t\t\t\t<div class=\"has_eae_slider elementor-column elementor-col-100 elementor-top-column elementor-element elementor-element-bca9b52\" data-id=\"bca9b52\" data-element_type=\"column\">\n\t\t\t<div class=\"elementor-widget-wrap elementor-element-populated\">\n\t\t\t\t\t\t<div class=\"elementor-element elementor-element-50cd332 elementor-widget elementor-widget-text-editor\" data-id=\"50cd332\" data-element_type=\"widget\" data-widget_type=\"text-editor.default\">\n\t\t\t\t<div class=\"elementor-widget-container\">\n\t\t\t\t\t\t\t<p style=\"text-align: center;\">Concert Imprssions<\/p>\t\t\t\t\t\t<\/div>\n\t\t\t\t<\/div>\n\t\t\t\t<section class=\"has_eae_slider elementor-section elementor-inner-section elementor-element elementor-element-b996d35 elementor-section-boxed elementor-section-height-default elementor-section-height-default\" data-id=\"b996d35\" data-element_type=\"section\">\n\t\t\t\t\t\t<div class=\"elementor-container elementor-column-gap-default\">\n\t\t\t\t\t<div class=\"has_eae_slider elementor-column elementor-col-33 elementor-inner-column elementor-element elementor-element-a80aebb\" data-id=\"a80aebb\" data-element_type=\"column\">\n\t\t\t<div class=\"elementor-widget-wrap elementor-element-populated\">\n\t\t\t\t\t\t<div class=\"elementor-element elementor-element-dbe3239 elementor-pagination-position-outside elementor-widget elementor-widget-image-carousel\" data-id=\"dbe3239\" data-element_type=\"widget\" data-settings=\"{&quot;slides_to_show&quot;:&quot;1&quot;,&quot;navigation&quot;:&quot;dots&quot;,&quot;pause_on_hover&quot;:&quot;no&quot;,&quot;autoplay_speed&quot;:2400,&quot;effect&quot;:&quot;fade&quot;,&quot;speed&quot;:700,&quot;autoplay&quot;:&quot;yes&quot;,&quot;pause_on_interaction&quot;:&quot;yes&quot;,&quot;infinite&quot;:&quot;yes&quot;}\" data-widget_type=\"image-carousel.default\">\n\t\t\t\t<div class=\"elementor-widget-container\">\n\t\t\t\t\t<div class=\"elementor-image-carousel-wrapper swiper\" dir=\"ltr\">\n\t\t\t<div class=\"elementor-image-carousel swiper-wrapper swiper-image-stretch\" aria-live=\"off\">\n\t\t\t\t\t\t\t\t<div class=\"swiper-slide\" role=\"group\" aria-roledescription=\"slide\" aria-label=\"1 of 9\"><figure class=\"swiper-slide-inner\"><img decoding=\"async\" class=\"swiper-slide-image\" src=\"https:\/\/www.brettnacher.org\/brettnacher_wp\/wp-content\/uploads\/Crew_Show_3-300x211.jpg\" alt=\"Crew Show Opening 3\" \/><\/figure><\/div><div class=\"swiper-slide\" role=\"group\" aria-roledescription=\"slide\" aria-label=\"2 of 9\"><figure class=\"swiper-slide-inner\"><img decoding=\"async\" class=\"swiper-slide-image\" src=\"https:\/\/www.brettnacher.org\/brettnacher_wp\/wp-content\/uploads\/Crew_Show_4-199x300.jpg\" alt=\"Crew Show Opening im Theater der Mein Schiff 6\" \/><\/figure><\/div><div class=\"swiper-slide\" role=\"group\" aria-roledescription=\"slide\" aria-label=\"3 of 9\"><figure class=\"swiper-slide-inner\"><img decoding=\"async\" class=\"swiper-slide-image\" src=\"https:\/\/www.brettnacher.org\/brettnacher_wp\/wp-content\/uploads\/Crew_Show_5-199x300.jpg\" alt=\"Crew Show Opening 5\" \/><\/figure><\/div><div class=\"swiper-slide\" role=\"group\" aria-roledescription=\"slide\" aria-label=\"4 of 9\"><figure class=\"swiper-slide-inner\"><img decoding=\"async\" class=\"swiper-slide-image\" src=\"https:\/\/www.brettnacher.org\/brettnacher_wp\/wp-content\/uploads\/Crew_Show_6-300x192.jpg\" alt=\"Crew Show Opening 6\" \/><\/figure><\/div><div class=\"swiper-slide\" role=\"group\" aria-roledescription=\"slide\" aria-label=\"5 of 9\"><figure class=\"swiper-slide-inner\"><img decoding=\"async\" class=\"swiper-slide-image\" src=\"https:\/\/www.brettnacher.org\/brettnacher_wp\/wp-content\/uploads\/Konzertimpressionen_1-300x173.jpg\" alt=\"Konzertimpressionen 1\" \/><\/figure><\/div><div class=\"swiper-slide\" role=\"group\" aria-roledescription=\"slide\" aria-label=\"6 of 9\"><figure class=\"swiper-slide-inner\"><img decoding=\"async\" class=\"swiper-slide-image\" src=\"https:\/\/www.brettnacher.org\/brettnacher_wp\/wp-content\/uploads\/Konzertimpressionen_2-300x184.jpg\" alt=\"Konzertimpressionen 2\" \/><\/figure><\/div><div class=\"swiper-slide\" role=\"group\" aria-roledescription=\"slide\" aria-label=\"7 of 9\"><figure class=\"swiper-slide-inner\"><img decoding=\"async\" class=\"swiper-slide-image\" src=\"https:\/\/www.brettnacher.org\/brettnacher_wp\/wp-content\/uploads\/Konzertimpressionen_3-300x189.jpg\" alt=\"Konzertimpressionen 3\" \/><\/figure><\/div><div class=\"swiper-slide\" role=\"group\" aria-roledescription=\"slide\" aria-label=\"8 of 9\"><figure class=\"swiper-slide-inner\"><img decoding=\"async\" class=\"swiper-slide-image\" src=\"https:\/\/www.brettnacher.org\/brettnacher_wp\/wp-content\/uploads\/Konzertimpressionen_4-300x183.jpg\" alt=\"Impression w\u00e4hrend eines - Flimmerkiste und Leinwand - Konzerts auf der Studio B\u00fchne der Mein Schiff 6\" \/><\/figure><\/div><div class=\"swiper-slide\" role=\"group\" aria-roledescription=\"slide\" aria-label=\"9 of 9\"><figure class=\"swiper-slide-inner\"><img decoding=\"async\" class=\"swiper-slide-image\" src=\"https:\/\/www.brettnacher.org\/brettnacher_wp\/wp-content\/uploads\/Konzertimpressionen_5-300x171.jpg\" alt=\"Konzertimpressionen 5\" \/><\/figure><\/div>\t\t\t<\/div>\n\t\t\t\t\t\t\t\n\t\t\t\t\t\t\t\t\t<div class=\"swiper-pagination\"><\/div>\n\t\t\t\t\t\t\t\t\t<\/div>\n\t\t\t\t<\/div>\n\t\t\t\t<\/div>\n\t\t\t\t\t<\/div>\n\t\t<\/div>\n\t\t\t\t<div class=\"has_eae_slider elementor-column elementor-col-33 elementor-inner-column elementor-element elementor-element-90ed43c\" data-id=\"90ed43c\" data-element_type=\"column\">\n\t\t\t<div class=\"elementor-widget-wrap\">\n\t\t\t\t\t\t\t<\/div>\n\t\t<\/div>\n\t\t\t\t<div class=\"has_eae_slider elementor-column elementor-col-33 elementor-inner-column elementor-element elementor-element-d39bfd7\" data-id=\"d39bfd7\" data-element_type=\"column\">\n\t\t\t<div class=\"elementor-widget-wrap elementor-element-populated\">\n\t\t\t\t\t\t<div class=\"elementor-element elementor-element-7939251 elementor-pagination-position-outside elementor-widget elementor-widget-image-carousel\" data-id=\"7939251\" data-element_type=\"widget\" data-settings=\"{&quot;slides_to_show&quot;:&quot;1&quot;,&quot;navigation&quot;:&quot;dots&quot;,&quot;autoplay_speed&quot;:2800,&quot;effect&quot;:&quot;fade&quot;,&quot;speed&quot;:700,&quot;autoplay&quot;:&quot;yes&quot;,&quot;pause_on_hover&quot;:&quot;yes&quot;,&quot;pause_on_interaction&quot;:&quot;yes&quot;,&quot;infinite&quot;:&quot;yes&quot;}\" data-widget_type=\"image-carousel.default\">\n\t\t\t\t<div class=\"elementor-widget-container\">\n\t\t\t\t\t<div class=\"elementor-image-carousel-wrapper swiper\" dir=\"ltr\">\n\t\t\t<div class=\"elementor-image-carousel swiper-wrapper swiper-image-stretch\" aria-live=\"off\">\n\t\t\t\t\t\t\t\t<div class=\"swiper-slide\" role=\"group\" aria-roledescription=\"slide\" aria-label=\"1 of 9\"><figure class=\"swiper-slide-inner\"><img decoding=\"async\" class=\"swiper-slide-image\" src=\"https:\/\/www.brettnacher.org\/brettnacher_wp\/wp-content\/uploads\/Konzertimpressionen_5-300x171.jpg\" alt=\"Konzertimpressionen 5\" \/><\/figure><\/div><div class=\"swiper-slide\" role=\"group\" aria-roledescription=\"slide\" aria-label=\"2 of 9\"><figure class=\"swiper-slide-inner\"><img decoding=\"async\" class=\"swiper-slide-image\" src=\"https:\/\/www.brettnacher.org\/brettnacher_wp\/wp-content\/uploads\/Konzertimpressionen_4-300x183.jpg\" alt=\"Impression w\u00e4hrend eines - Flimmerkiste und Leinwand - Konzerts auf der Studio B\u00fchne der Mein Schiff 6\" \/><\/figure><\/div><div class=\"swiper-slide\" role=\"group\" aria-roledescription=\"slide\" aria-label=\"3 of 9\"><figure class=\"swiper-slide-inner\"><img decoding=\"async\" class=\"swiper-slide-image\" src=\"https:\/\/www.brettnacher.org\/brettnacher_wp\/wp-content\/uploads\/Konzertimpressionen_3-300x189.jpg\" alt=\"Konzertimpressionen 3\" \/><\/figure><\/div><div class=\"swiper-slide\" role=\"group\" aria-roledescription=\"slide\" aria-label=\"4 of 9\"><figure class=\"swiper-slide-inner\"><img decoding=\"async\" class=\"swiper-slide-image\" src=\"https:\/\/www.brettnacher.org\/brettnacher_wp\/wp-content\/uploads\/Konzertimpressionen_2-300x184.jpg\" alt=\"Konzertimpressionen 2\" \/><\/figure><\/div><div class=\"swiper-slide\" role=\"group\" aria-roledescription=\"slide\" aria-label=\"5 of 9\"><figure class=\"swiper-slide-inner\"><img decoding=\"async\" class=\"swiper-slide-image\" src=\"https:\/\/www.brettnacher.org\/brettnacher_wp\/wp-content\/uploads\/Konzertimpressionen_1-300x173.jpg\" alt=\"Konzertimpressionen 1\" \/><\/figure><\/div><div class=\"swiper-slide\" role=\"group\" aria-roledescription=\"slide\" aria-label=\"6 of 9\"><figure class=\"swiper-slide-inner\"><img decoding=\"async\" class=\"swiper-slide-image\" src=\"https:\/\/www.brettnacher.org\/brettnacher_wp\/wp-content\/uploads\/Crew_Show_6-300x192.jpg\" alt=\"Crew Show Opening 6\" \/><\/figure><\/div><div class=\"swiper-slide\" role=\"group\" aria-roledescription=\"slide\" aria-label=\"7 of 9\"><figure class=\"swiper-slide-inner\"><img decoding=\"async\" class=\"swiper-slide-image\" src=\"https:\/\/www.brettnacher.org\/brettnacher_wp\/wp-content\/uploads\/Crew_Show_5-199x300.jpg\" alt=\"Crew Show Opening 5\" \/><\/figure><\/div><div class=\"swiper-slide\" role=\"group\" aria-roledescription=\"slide\" aria-label=\"8 of 9\"><figure class=\"swiper-slide-inner\"><img decoding=\"async\" class=\"swiper-slide-image\" src=\"https:\/\/www.brettnacher.org\/brettnacher_wp\/wp-content\/uploads\/Crew_Show_4-199x300.jpg\" alt=\"Crew Show Opening im Theater der Mein Schiff 6\" \/><\/figure><\/div><div class=\"swiper-slide\" role=\"group\" aria-roledescription=\"slide\" aria-label=\"9 of 9\"><figure class=\"swiper-slide-inner\"><img decoding=\"async\" class=\"swiper-slide-image\" src=\"https:\/\/www.brettnacher.org\/brettnacher_wp\/wp-content\/uploads\/Crew_Show_3-300x211.jpg\" alt=\"Crew Show Opening 3\" \/><\/figure><\/div>\t\t\t<\/div>\n\t\t\t\t\t\t\t\n\t\t\t\t\t\t\t\t\t<div class=\"swiper-pagination\"><\/div>\n\t\t\t\t\t\t\t\t\t<\/div>\n\t\t\t\t<\/div>\n\t\t\t\t<\/div>\n\t\t\t\t\t<\/div>\n\t\t<\/div>\n\t\t\t\t\t<\/div>\n\t\t<\/section>\n\t\t\t\t\t<\/div>\n\t\t<\/div>\n\t\t\t\t\t<\/div>\n\t\t<\/section>\n\t\t\t\t<\/div>","protected":false},"excerpt":{"rendered":"<p>&#8211; Photos &#8211; Promo Photo Zum vergr\u00f6\u00dfern der Photos, diese anklicken Alfred Brettnacher Promo Photo6240 x 4160 Pixel \/ 300 DPI Impression w\u00e4hrend einer Show-auf der MS Swiss Crystal Impression w\u00e4hrend meiner Show&#8211; Music Classics &#8211;auf der MS Anesha Impression w\u00e4hrend meiner Show&#8211; Music Classics &#8211;auf der MS Anna Katarina &#8220;The Pink Panther&#8221; Impression w\u00e4hrend [&hellip;]<\/p>","protected":false},"author":2,"featured_media":0,"parent":0,"menu_order":0,"comment_status":"closed","ping_status":"closed","template":"page-templates\/page_front-page.php","meta":{"footnotes":""},"_links":{"self":[{"href":"https:\/\/www.brettnacher.org\/musik\/en\/wp-json\/wp\/v2\/pages\/2816"}],"collection":[{"href":"https:\/\/www.brettnacher.org\/musik\/en\/wp-json\/wp\/v2\/pages"}],"about":[{"href":"https:\/\/www.brettnacher.org\/musik\/en\/wp-json\/wp\/v2\/types\/page"}],"author":[{"embeddable":true,"href":"https:\/\/www.brettnacher.org\/musik\/en\/wp-json\/wp\/v2\/users\/2"}],"replies":[{"embeddable":true,"href":"https:\/\/www.brettnacher.org\/musik\/en\/wp-json\/wp\/v2\/comments?post=2816"}],"version-history":[{"count":183,"href":"https:\/\/www.brettnacher.org\/musik\/en\/wp-json\/wp\/v2\/pages\/2816\/revisions"}],"predecessor-version":[{"id":9132,"href":"https:\/\/www.brettnacher.org\/musik\/en\/wp-json\/wp\/v2\/pages\/2816\/revisions\/9132"}],"wp:attachment":[{"href":"https:\/\/www.brettnacher.org\/musik\/en\/wp-json\/wp\/v2\/media?parent=2816"}],"curies":[{"name":"wp","href":"https:\/\/api.w.org\/{rel}","templated":true}]}}